{"id":3055,"date":"2025-04-16T19:08:40","date_gmt":"2025-04-16T22:08:40","guid":{"rendered":"https:\/\/equilibriospa.com\/?page_id=3055"},"modified":"2025-09-06T11:39:02","modified_gmt":"2025-09-06T14:39:02","slug":"nossos-profissionais","status":"publish","type":"page","link":"https:\/\/equilibriospa.com\/index.php\/nossos-profissionais\/","title":{"rendered":"Nossos Profissionais"},"content":{"rendered":"\t\t<div data-elementor-type=\"wp-page\" data-elementor-id=\"3055\" class=\"elementor elementor-3055\">\n\t\t\t\t<div class=\"elementor-element elementor-element-67029dc e-flex e-con-boxed e-con e-parent\" data-id=\"67029dc\" data-element_type=\"container\" data-e-type=\"container\" data-settings=\"{&quot;background_background&quot;:&quot;classic&quot;,&quot;shape_divider_bottom&quot;:&quot;opacity-tilt&quot;}\">\n\t\t\t\t\t<div class=\"e-con-inner\">\n\t\t\t\t<div class=\"elementor-shape elementor-shape-bottom\" aria-hidden=\"true\" data-negative=\"false\">\n\t\t\t<svg xmlns=\"http:\/\/www.w3.org\/2000\/svg\" viewBox=\"0 0 2600 131.1\" preserveAspectRatio=\"none\">\n\t<path class=\"elementor-shape-fill\" d=\"M0 0L2600 0 2600 69.1 0 0z\"\/>\n\t<path class=\"elementor-shape-fill\" style=\"opacity:0.5\" d=\"M0 0L2600 0 2600 69.1 0 69.1z\"\/>\n\t<path class=\"elementor-shape-fill\" style=\"opacity:0.25\" d=\"M2600 0L0 0 0 130.1 2600 69.1z\"\/>\n<\/svg>\t\t<\/div>\n\t\t\t\t<div class=\"elementor-element elementor-element-f2db0b2 elementor-widget-tablet__width-inherit elementor-widget-mobile__width-initial elementor-widget elementor-widget-heading\" data-id=\"f2db0b2\" data-element_type=\"widget\" data-e-type=\"widget\" data-widget_type=\"heading.default\">\n\t\t\t\t<div class=\"elementor-widget-container\">\n\t\t\t\t\t<h2 class=\"elementor-heading-title elementor-size-default\">Nossos Profissionais<\/h2>\t\t\t\t<\/div>\n\t\t\t\t<\/div>\n\t\t\t\t<div class=\"elementor-element elementor-element-d8387be elementor-widget elementor-widget-heading\" data-id=\"d8387be\" data-element_type=\"widget\" data-e-type=\"widget\" data-widget_type=\"heading.default\">\n\t\t\t\t<div class=\"elementor-widget-container\">\n\t\t\t\t\t<h2 class=\"elementor-heading-title elementor-size-default\">Profissionais que cuidam com prop\u00f3sito\n<\/h2>\t\t\t\t<\/div>\n\t\t\t\t<\/div>\n\t\t\t\t\t<\/div>\n\t\t\t\t<\/div>\n\t\t<div class=\"elementor-element elementor-element-b12179c e-flex e-con-boxed e-con e-parent\" data-id=\"b12179c\" data-element_type=\"container\" data-e-type=\"container\">\n\t\t\t\t\t<div class=\"e-con-inner\">\n\t\t<div class=\"elementor-element elementor-element-a541a91 e-flex e-con-boxed e-con e-child\" data-id=\"a541a91\" data-element_type=\"container\" data-e-type=\"container\">\n\t\t\t\t\t<div class=\"e-con-inner\">\n\t\t\t\t<div class=\"elementor-element elementor-element-2d80147 elementor-widget elementor-widget-text-editor\" data-id=\"2d80147\" data-element_type=\"widget\" data-e-type=\"widget\" data-widget_type=\"text-editor.default\">\n\t\t\t\t<div class=\"elementor-widget-container\">\n\t\t\t\t\t\t\t\t\t<h3 data-start=\"372\" data-end=\"387\"><span style=\"color: #2b2b2b; font-family: Poppins, sans-serif; font-size: 15px; letter-spacing: 0px;\">Na <\/span><strong style=\"color: #2b2b2b; font-family: Poppins, sans-serif; font-size: 15px; letter-spacing: 0px;\" data-start=\"472\" data-end=\"499\">Equil\u00edbrio Massoterapia<\/strong><span style=\"color: #2b2b2b; font-family: Poppins, sans-serif; font-size: 15px; letter-spacing: 0px;\">, acreditamos que o verdadeiro bem-estar nasce da conex\u00e3o entre t\u00e9cnica, empatia e presen\u00e7a. Por isso, nossa equipe \u00e9 formada por <\/span><strong style=\"color: #2b2b2b; font-family: Poppins, sans-serif; font-size: 15px; letter-spacing: 0px;\" data-start=\"629\" data-end=\"678\">profissionais apaixonados pela arte do cuidar<\/strong><span style=\"color: #2b2b2b; font-family: Poppins, sans-serif; font-size: 15px; letter-spacing: 0px;\">, que unem conhecimento t\u00e9cnico com sensibilidade para oferecer experi\u00eancias \u00fanicas e transformadoras.<\/span><\/h3><p class=\"\" data-start=\"782\" data-end=\"1113\">Cada terapeuta da nossa casa passou por <strong data-start=\"822\" data-end=\"887\">forma\u00e7\u00f5es especializadas em diversas t\u00e9cnicas de massoterapia<\/strong>, incluindo relaxante, terap\u00eautica, drenagem linf\u00e1tica, reflexologia, ventosaterapia, entre outras pr\u00e1ticas integrativas. Mais do que diplomas, cada um carrega uma trajet\u00f3ria de dedica\u00e7\u00e3o ao toque consciente e \u00e0 escuta atenta.<\/p><p class=\"\" data-start=\"1115\" data-end=\"1354\">Somos um time que valoriza o atendimento humanizado. Antes de cada sess\u00e3o, escutamos, observamos e respeitamos as necessidades individuais de cada cliente \u2014 porque entendemos que cada corpo tem uma hist\u00f3ria, e cada hist\u00f3ria merece cuidado.<\/p><p class=\"\" data-start=\"1356\" data-end=\"1541\">Seja qual for sua busca \u2014 al\u00edvio da dor, relaxamento profundo ou reconex\u00e3o interior \u2014 nossos profissionais est\u00e3o aqui para <strong data-start=\"1479\" data-end=\"1540\">acolher, cuidar e guiar voc\u00ea em dire\u00e7\u00e3o ao seu equil\u00edbrio<\/strong>.<\/p>\t\t\t\t\t\t\t\t<\/div>\n\t\t\t\t<\/div>\n\t\t\t\t\t<\/div>\n\t\t\t\t<\/div>\n\t\t\t\t\t<\/div>\n\t\t\t\t<\/div>\n\t\t<div class=\"elementor-element elementor-element-f9876dd e-flex e-con-boxed e-con e-parent\" data-id=\"f9876dd\" data-element_type=\"container\" data-e-type=\"container\" data-settings=\"{&quot;background_background&quot;:&quot;classic&quot;,&quot;shape_divider_top&quot;:&quot;opacity-tilt&quot;,&quot;shape_divider_bottom&quot;:&quot;opacity-tilt&quot;}\">\n\t\t\t\t\t<div class=\"e-con-inner\">\n\t\t\t\t<div class=\"elementor-shape elementor-shape-top\" aria-hidden=\"true\" data-negative=\"false\">\n\t\t\t<svg xmlns=\"http:\/\/www.w3.org\/2000\/svg\" viewBox=\"0 0 2600 131.1\" preserveAspectRatio=\"none\">\n\t<path class=\"elementor-shape-fill\" d=\"M0 0L2600 0 2600 69.1 0 0z\"\/>\n\t<path class=\"elementor-shape-fill\" style=\"opacity:0.5\" d=\"M0 0L2600 0 2600 69.1 0 69.1z\"\/>\n\t<path class=\"elementor-shape-fill\" style=\"opacity:0.25\" d=\"M2600 0L0 0 0 130.1 2600 69.1z\"\/>\n<\/svg>\t\t<\/div>\n\t\t\t\t<div class=\"elementor-shape elementor-shape-bottom\" aria-hidden=\"true\" data-negative=\"false\">\n\t\t\t<svg xmlns=\"http:\/\/www.w3.org\/2000\/svg\" viewBox=\"0 0 2600 131.1\" preserveAspectRatio=\"none\">\n\t<path class=\"elementor-shape-fill\" d=\"M0 0L2600 0 2600 69.1 0 0z\"\/>\n\t<path class=\"elementor-shape-fill\" style=\"opacity:0.5\" d=\"M0 0L2600 0 2600 69.1 0 69.1z\"\/>\n\t<path class=\"elementor-shape-fill\" style=\"opacity:0.25\" d=\"M2600 0L0 0 0 130.1 2600 69.1z\"\/>\n<\/svg>\t\t<\/div>\n\t\t<div class=\"elementor-element elementor-element-53c4ccc e-con-full e-flex e-con e-child\" data-id=\"53c4ccc\" data-element_type=\"container\" data-e-type=\"container\">\n\t\t\t\t<div class=\"elementor-element elementor-element-c477d2d elementor-widget-tablet__width-inherit elementor-widget elementor-widget-image\" data-id=\"c477d2d\" data-element_type=\"widget\" data-e-type=\"widget\" data-widget_type=\"image.default\">\n\t\t\t\t<div class=\"elementor-widget-container\">\n\t\t\t\t\t\t\t\t\t\t\t\t\t\t\t<img decoding=\"async\" src=\"https:\/\/equilibriospa.com\/wp-content\/uploads\/elementor\/thumbs\/Design-sem-nome-4-r63aw20wdi4g8wliap54ujdd81ty7rjsgg8fus1ad4.png\" title=\"Design sem nome (4)\" alt=\"Design sem nome (4)\" loading=\"lazy\" \/>\t\t\t\t\t\t\t\t\t\t\t\t\t\t\t<\/div>\n\t\t\t\t<\/div>\n\t\t\t\t<div class=\"elementor-element elementor-element-1567250 elementor-widget elementor-widget-text-editor\" data-id=\"1567250\" data-element_type=\"widget\" data-e-type=\"widget\" data-widget_type=\"text-editor.default\">\n\t\t\t\t<div class=\"elementor-widget-container\">\n\t\t\t\t\t\t\t\t\t<p><b>Alexandre Silveira<br \/><\/b><span style=\"letter-spacing: 0px;\"><i>Massoterapeuta<\/i><\/span><\/p>\t\t\t\t\t\t\t\t<\/div>\n\t\t\t\t<\/div>\n\t\t\t\t<\/div>\n\t\t<div class=\"elementor-element elementor-element-b6eef8c e-con-full e-flex e-con e-child\" data-id=\"b6eef8c\" data-element_type=\"container\" data-e-type=\"container\">\n\t\t\t\t<div class=\"elementor-element elementor-element-eb314c9 elementor-widget elementor-widget-text-editor\" data-id=\"eb314c9\" data-element_type=\"widget\" data-e-type=\"widget\" data-widget_type=\"text-editor.default\">\n\t\t\t\t<div class=\"elementor-widget-container\">\n\t\t\t\t\t\t\t\t\t<p data-start=\"372\" data-end=\"387\"><span style=\"letter-spacing: 0px;\">Com m\u00e3os firmes e cora\u00e7\u00e3o tranquilo, <\/span><strong data-start=\"479\" data-end=\"492\" style=\"letter-spacing: 0px;\">Alexandre<\/strong><span style=\"letter-spacing: 0px;\"> \u00e9 um dos pilares da Equil\u00edbrio Massoterapia. Sua jornada na massoterapia come\u00e7ou movida pela vontade de <\/span><strong data-start=\"597\" data-end=\"650\" style=\"letter-spacing: 0px;\">oferecer al\u00edvio e bem-estar verdadeiro \u00e0s pessoas<\/strong><span style=\"letter-spacing: 0px;\">, unindo conhecimento t\u00e9cnico com um toque humano raro de se encontrar.<\/span><\/p>\n<p class=\"\" data-start=\"723\" data-end=\"1047\">Formado em diversas t\u00e9cnicas de massagem \u2014 como terap\u00eautica, relaxante, ventosaterapia e libera\u00e7\u00e3o miofascial \u2014 Alexandre \u00e9 reconhecido por sua <strong data-start=\"867\" data-end=\"921\">precis\u00e3o, empatia e postura profissional impec\u00e1vel<\/strong>. Ele acredita que cada sess\u00e3o \u00e9 mais do que um atendimento: \u00e9 um encontro de cura, onde o cliente \u00e9 acolhido de corpo e alma.<\/p>\n<p class=\"\" data-start=\"1049\" data-end=\"1167\">Com um olhar atento e uma escuta respeitosa, Alexandre transforma cada sess\u00e3o em um momento de reconex\u00e3o e equil\u00edbrio.<\/p>\t\t\t\t\t\t\t\t<\/div>\n\t\t\t\t<\/div>\n\t\t\t\t<\/div>\n\t\t\t\t\t<\/div>\n\t\t\t\t<\/div>\n\t\t<div class=\"elementor-element elementor-element-f4899fe e-flex e-con-boxed e-con e-parent\" data-id=\"f4899fe\" data-element_type=\"container\" data-e-type=\"container\" data-settings=\"{&quot;background_background&quot;:&quot;classic&quot;,&quot;shape_divider_top&quot;:&quot;opacity-tilt&quot;,&quot;shape_divider_bottom&quot;:&quot;opacity-tilt&quot;}\">\n\t\t\t\t\t<div class=\"e-con-inner\">\n\t\t\t\t<div class=\"elementor-shape elementor-shape-top\" aria-hidden=\"true\" data-negative=\"false\">\n\t\t\t<svg xmlns=\"http:\/\/www.w3.org\/2000\/svg\" viewBox=\"0 0 2600 131.1\" preserveAspectRatio=\"none\">\n\t<path class=\"elementor-shape-fill\" d=\"M0 0L2600 0 2600 69.1 0 0z\"\/>\n\t<path class=\"elementor-shape-fill\" style=\"opacity:0.5\" d=\"M0 0L2600 0 2600 69.1 0 69.1z\"\/>\n\t<path class=\"elementor-shape-fill\" style=\"opacity:0.25\" d=\"M2600 0L0 0 0 130.1 2600 69.1z\"\/>\n<\/svg>\t\t<\/div>\n\t\t\t\t<div class=\"elementor-shape elementor-shape-bottom\" aria-hidden=\"true\" data-negative=\"false\">\n\t\t\t<svg xmlns=\"http:\/\/www.w3.org\/2000\/svg\" viewBox=\"0 0 2600 131.1\" preserveAspectRatio=\"none\">\n\t<path class=\"elementor-shape-fill\" d=\"M0 0L2600 0 2600 69.1 0 0z\"\/>\n\t<path class=\"elementor-shape-fill\" style=\"opacity:0.5\" d=\"M0 0L2600 0 2600 69.1 0 69.1z\"\/>\n\t<path class=\"elementor-shape-fill\" style=\"opacity:0.25\" d=\"M2600 0L0 0 0 130.1 2600 69.1z\"\/>\n<\/svg>\t\t<\/div>\n\t\t<div class=\"elementor-element elementor-element-ae074c8 e-con-full e-flex e-con e-child\" data-id=\"ae074c8\" data-element_type=\"container\" data-e-type=\"container\">\n\t\t\t\t<div class=\"elementor-element elementor-element-4cc0da7 elementor-widget-tablet__width-inherit elementor-widget elementor-widget-image\" data-id=\"4cc0da7\" data-element_type=\"widget\" data-e-type=\"widget\" data-widget_type=\"image.default\">\n\t\t\t\t<div class=\"elementor-widget-container\">\n\t\t\t\t\t\t\t\t\t\t\t\t\t\t\t<img decoding=\"async\" src=\"https:\/\/equilibriospa.com\/wp-content\/uploads\/elementor\/thumbs\/FOTO-PROFISSIONAL-ALINE-r0hiq03zm8kpvgjgc1esc6t369lirjrkhv2im1ljg8.png\" title=\"FOTO PROFISSIONAL ALINE\" alt=\"FOTO PROFISSIONAL ALINE\" loading=\"lazy\" \/>\t\t\t\t\t\t\t\t\t\t\t\t\t\t\t<\/div>\n\t\t\t\t<\/div>\n\t\t\t\t<div class=\"elementor-element elementor-element-a4a0ce8 elementor-widget elementor-widget-text-editor\" data-id=\"a4a0ce8\" data-element_type=\"widget\" data-e-type=\"widget\" data-widget_type=\"text-editor.default\">\n\t\t\t\t<div class=\"elementor-widget-container\">\n\t\t\t\t\t\t\t\t\t<p><span style=\"letter-spacing: 0px;\"><b>Aline Alves<br><\/b><i>Terapeuta Integrativa &amp; Auriculoterapeuta<\/i><\/span><\/p>\t\t\t\t\t\t\t\t<\/div>\n\t\t\t\t<\/div>\n\t\t\t\t<\/div>\n\t\t<div class=\"elementor-element elementor-element-dcd0046 e-con-full e-flex e-con e-child\" data-id=\"dcd0046\" data-element_type=\"container\" data-e-type=\"container\">\n\t\t\t\t<div class=\"elementor-element elementor-element-d7ef415 elementor-widget elementor-widget-text-editor\" data-id=\"d7ef415\" data-element_type=\"widget\" data-e-type=\"widget\" data-widget_type=\"text-editor.default\">\n\t\t\t\t<div class=\"elementor-widget-container\">\n\t\t\t\t\t\t\t\t\t<p data-start=\"372\" data-end=\"387\"><strong data-start=\"320\" data-end=\"329\" style=\"letter-spacing: 0px;\">Aline<\/strong><span style=\"letter-spacing: 0px;\"> \u00e9 sin\u00f4nimo de acolhimento e sensibilidade na Equil\u00edbrio Massoterapia. Como <\/span><strong data-start=\"405\" data-end=\"450\" style=\"letter-spacing: 0px;\">Terapeuta Integrativa e Auriculoterapeuta<\/strong><span style=\"letter-spacing: 0px;\">, ela conduz atendimentos com um olhar hol\u00edstico, respeitando a individualidade de cada cliente e promovendo o bem-estar de forma profunda e consciente.<\/span><\/p>\n<p class=\"\" data-start=\"604\" data-end=\"959\">Seu trabalho \u00e9 pautado na cren\u00e7a de que o equil\u00edbrio do corpo e da mente come\u00e7a pela escuta \u2014 n\u00e3o apenas do que \u00e9 dito, mas do que o corpo expressa. Atrav\u00e9s da <strong data-start=\"764\" data-end=\"783\">auriculoterapia<\/strong>, Aline atua de forma precisa no al\u00edvio de dores, ansiedade, estresse e diversos desequil\u00edbrios emocionais e f\u00edsicos, estimulando a capacidade natural de autocura do organismo.<\/p>\n<p class=\"\" data-start=\"961\" data-end=\"1172\">Cada atendimento \u00e9 um convite ao autoconhecimento e \u00e0 reconex\u00e3o interior. Com um jeito calmo, atencioso e dedicado, Aline transforma cada sess\u00e3o em um <strong data-start=\"1112\" data-end=\"1171\">momento de cuidado verdadeiro, presen\u00e7a e transforma\u00e7\u00e3o<\/strong>.<\/p>\t\t\t\t\t\t\t\t<\/div>\n\t\t\t\t<\/div>\n\t\t\t\t<\/div>\n\t\t\t\t\t<\/div>\n\t\t\t\t<\/div>\n\t\t<div class=\"elementor-element elementor-element-2061cfa e-flex e-con-boxed e-con e-parent\" data-id=\"2061cfa\" data-element_type=\"container\" data-e-type=\"container\" data-settings=\"{&quot;background_background&quot;:&quot;classic&quot;,&quot;shape_divider_top&quot;:&quot;opacity-tilt&quot;,&quot;shape_divider_bottom&quot;:&quot;opacity-tilt&quot;}\">\n\t\t\t\t\t<div class=\"e-con-inner\">\n\t\t\t\t<div class=\"elementor-shape elementor-shape-top\" aria-hidden=\"true\" data-negative=\"false\">\n\t\t\t<svg xmlns=\"http:\/\/www.w3.org\/2000\/svg\" viewBox=\"0 0 2600 131.1\" preserveAspectRatio=\"none\">\n\t<path class=\"elementor-shape-fill\" d=\"M0 0L2600 0 2600 69.1 0 0z\"\/>\n\t<path class=\"elementor-shape-fill\" style=\"opacity:0.5\" d=\"M0 0L2600 0 2600 69.1 0 69.1z\"\/>\n\t<path class=\"elementor-shape-fill\" style=\"opacity:0.25\" d=\"M2600 0L0 0 0 130.1 2600 69.1z\"\/>\n<\/svg>\t\t<\/div>\n\t\t\t\t<div class=\"elementor-shape elementor-shape-bottom\" aria-hidden=\"true\" data-negative=\"false\">\n\t\t\t<svg xmlns=\"http:\/\/www.w3.org\/2000\/svg\" viewBox=\"0 0 2600 131.1\" preserveAspectRatio=\"none\">\n\t<path class=\"elementor-shape-fill\" d=\"M0 0L2600 0 2600 69.1 0 0z\"\/>\n\t<path class=\"elementor-shape-fill\" style=\"opacity:0.5\" d=\"M0 0L2600 0 2600 69.1 0 69.1z\"\/>\n\t<path class=\"elementor-shape-fill\" style=\"opacity:0.25\" d=\"M2600 0L0 0 0 130.1 2600 69.1z\"\/>\n<\/svg>\t\t<\/div>\n\t\t<div class=\"elementor-element elementor-element-672d10b e-con-full e-flex e-con e-child\" data-id=\"672d10b\" data-element_type=\"container\" data-e-type=\"container\">\n\t\t\t\t<div class=\"elementor-element elementor-element-8f3df59 elementor-widget-tablet__width-inherit elementor-widget elementor-widget-image\" data-id=\"8f3df59\" data-element_type=\"widget\" data-e-type=\"widget\" data-widget_type=\"image.default\">\n\t\t\t\t<div class=\"elementor-widget-container\">\n\t\t\t\t\t\t\t\t\t\t\t\t\t\t\t<img decoding=\"async\" src=\"https:\/\/equilibriospa.com\/wp-content\/uploads\/elementor\/thumbs\/ramone-2-r63af7qzxd2i8f25mx2road22iu7azox53g9bb07ug.png\" title=\"ramone (2)\" alt=\"ramone (2)\" loading=\"lazy\" \/>\t\t\t\t\t\t\t\t\t\t\t\t\t\t\t<\/div>\n\t\t\t\t<\/div>\n\t\t\t\t<div class=\"elementor-element elementor-element-1db4c1e elementor-widget elementor-widget-text-editor\" data-id=\"1db4c1e\" data-element_type=\"widget\" data-e-type=\"widget\" data-widget_type=\"text-editor.default\">\n\t\t\t\t<div class=\"elementor-widget-container\">\n\t\t\t\t\t\t\t\t\t<p><span style=\"letter-spacing: 0px;\"><b>Ramone Tavares<br \/><\/b><i>Esteticista<\/i><\/span><\/p>\t\t\t\t\t\t\t\t<\/div>\n\t\t\t\t<\/div>\n\t\t\t\t<\/div>\n\t\t<div class=\"elementor-element elementor-element-f1fef2c e-con-full e-flex e-con e-child\" data-id=\"f1fef2c\" data-element_type=\"container\" data-e-type=\"container\">\n\t\t\t\t<div class=\"elementor-element elementor-element-49f8094 elementor-widget elementor-widget-text-editor\" data-id=\"49f8094\" data-element_type=\"widget\" data-e-type=\"widget\" data-widget_type=\"text-editor.default\">\n\t\t\t\t<div class=\"elementor-widget-container\">\n\t\t\t\t\t\t\t\t\t<p><strong>Ramone L. Tavares<\/strong> \u00e9 esteticista especializada em tratamentos personalizados que unem <strong>tecnologia, est\u00e9tica avan\u00e7ada e resultados vis\u00edveis<\/strong>.\u00a0<\/p><p>Seu trabalho \u00e9 voltado \u00e0 renova\u00e7\u00e3o da pele, \u00e0 sa\u00fade capilar e \u00e0 melhora do contorno corporal com protocolos adaptados a cada cliente.<\/p><p>Entre os servi\u00e7os oferecidos est\u00e3o: limpeza de pele profunda, microagulhamento, Dermapen, radiofrequ\u00eancia, cuidados com sobrancelhas, tratamentos para redu\u00e7\u00e3o de medidas, melhora da textura corporal e fortalecimento dos fios com alta frequ\u00eancia e terapia capilar.<\/p>\t\t\t\t\t\t\t\t<\/div>\n\t\t\t\t<\/div>\n\t\t\t\t<\/div>\n\t\t\t\t\t<\/div>\n\t\t\t\t<\/div>\n\t\t<div class=\"elementor-element elementor-element-0734d24 e-flex e-con-boxed e-con e-parent\" data-id=\"0734d24\" data-element_type=\"container\" data-e-type=\"container\" id=\"contato\" data-settings=\"{&quot;background_background&quot;:&quot;classic&quot;}\">\n\t\t\t\t\t<div class=\"e-con-inner\">\n\t\t<div class=\"elementor-element elementor-element-c6319d9 e-con-full e-flex e-con e-child\" data-id=\"c6319d9\" data-element_type=\"container\" data-e-type=\"container\">\n\t\t\t\t<div class=\"elementor-element elementor-element-826923e elementor-widget elementor-widget-heading\" data-id=\"826923e\" data-element_type=\"widget\" data-e-type=\"widget\" data-widget_type=\"heading.default\">\n\t\t\t\t<div class=\"elementor-widget-container\">\n\t\t\t\t\t<h2 class=\"elementor-heading-title elementor-size-default\">Fale conosco<\/h2>\t\t\t\t<\/div>\n\t\t\t\t<\/div>\n\t\t\t\t<div class=\"elementor-element elementor-element-6bd7922 elementor-widget elementor-widget-heading\" data-id=\"6bd7922\" data-element_type=\"widget\" data-e-type=\"widget\" data-widget_type=\"heading.default\">\n\t\t\t\t<div class=\"elementor-widget-container\">\n\t\t\t\t\t<h2 class=\"elementor-heading-title elementor-size-default\">Veja nossos canais de atendimento<\/h2>\t\t\t\t<\/div>\n\t\t\t\t<\/div>\n\t\t\t\t<div class=\"elementor-element elementor-element-cf57ae2 elementor-icon-list--layout-traditional elementor-list-item-link-full_width elementor-widget elementor-widget-icon-list\" data-id=\"cf57ae2\" data-element_type=\"widget\" data-e-type=\"widget\" data-widget_type=\"icon-list.default\">\n\t\t\t\t<div class=\"elementor-widget-container\">\n\t\t\t\t\t\t\t<ul class=\"elementor-icon-list-items\">\n\t\t\t\t\t\t\t<li class=\"elementor-icon-list-item\">\n\t\t\t\t\t\t\t\t\t\t\t<span class=\"elementor-icon-list-icon\">\n\t\t\t\t\t\t\t<svg aria-hidden=\"true\" class=\"e-font-icon-svg e-fab-whatsapp\" viewBox=\"0 0 448 512\" xmlns=\"http:\/\/www.w3.org\/2000\/svg\"><path d=\"M380.9 97.1C339 55.1 283.2 32 223.9 32c-122.4 0-222 99.6-222 222 0 39.1 10.2 77.3 29.6 111L0 480l117.7-30.9c32.4 17.7 68.9 27 106.1 27h.1c122.3 0 224.1-99.6 224.1-222 0-59.3-25.2-115-67.1-157zm-157 341.6c-33.2 0-65.7-8.9-94-25.7l-6.7-4-69.8 18.3L72 359.2l-4.4-7c-18.5-29.4-28.2-63.3-28.2-98.2 0-101.7 82.8-184.5 184.6-184.5 49.3 0 95.6 19.2 130.4 54.1 34.8 34.9 56.2 81.2 56.1 130.5 0 101.8-84.9 184.6-186.6 184.6zm101.2-138.2c-5.5-2.8-32.8-16.2-37.9-18-5.1-1.9-8.8-2.8-12.5 2.8-3.7 5.6-14.3 18-17.6 21.8-3.2 3.7-6.5 4.2-12 1.4-32.6-16.3-54-29.1-75.5-66-5.7-9.8 5.7-9.1 16.3-30.3 1.8-3.7.9-6.9-.5-9.7-1.4-2.8-12.5-30.1-17.1-41.2-4.5-10.8-9.1-9.3-12.5-9.5-3.2-.2-6.9-.2-10.6-.2-3.7 0-9.7 1.4-14.8 6.9-5.1 5.6-19.4 19-19.4 46.3 0 27.3 19.9 53.7 22.6 57.4 2.8 3.7 39.1 59.7 94.8 83.8 35.2 15.2 49 16.5 66.6 13.9 10.7-1.6 32.8-13.4 37.4-26.4 4.6-13 4.6-24.1 3.2-26.4-1.3-2.5-5-3.9-10.5-6.6z\"><\/path><\/svg>\t\t\t\t\t\t<\/span>\n\t\t\t\t\t\t\t\t\t\t<span class=\"elementor-icon-list-text\">(27)99263-3631<\/span>\n\t\t\t\t\t\t\t\t\t<\/li>\n\t\t\t\t\t\t\t\t<li class=\"elementor-icon-list-item\">\n\t\t\t\t\t\t\t\t\t\t\t<span class=\"elementor-icon-list-icon\">\n\t\t\t\t\t\t\t<svg aria-hidden=\"true\" class=\"e-font-icon-svg e-far-envelope\" viewBox=\"0 0 512 512\" xmlns=\"http:\/\/www.w3.org\/2000\/svg\"><path d=\"M464 64H48C21.49 64 0 85.49 0 112v288c0 26.51 21.49 48 48 48h416c26.51 0 48-21.49 48-48V112c0-26.51-21.49-48-48-48zm0 48v40.805c-22.422 18.259-58.168 46.651-134.587 106.49-16.841 13.247-50.201 45.072-73.413 44.701-23.208.375-56.579-31.459-73.413-44.701C106.18 199.465 70.425 171.067 48 152.805V112h416zM48 400V214.398c22.914 18.251 55.409 43.862 104.938 82.646 21.857 17.205 60.134 55.186 103.062 54.955 42.717.231 80.509-37.199 103.053-54.947 49.528-38.783 82.032-64.401 104.947-82.653V400H48z\"><\/path><\/svg>\t\t\t\t\t\t<\/span>\n\t\t\t\t\t\t\t\t\t\t<span class=\"elementor-icon-list-text\">contato@equilibriospa.com<\/span>\n\t\t\t\t\t\t\t\t\t<\/li>\n\t\t\t\t\t\t\t\t<li class=\"elementor-icon-list-item\">\n\t\t\t\t\t\t\t\t\t\t\t<a href=\"https:\/\/www.instagram.com\/equilibrio_masso\/\" target=\"_blank\">\n\n\t\t\t\t\t\t\t\t\t\t\t\t<span class=\"elementor-icon-list-icon\">\n\t\t\t\t\t\t\t<svg aria-hidden=\"true\" class=\"e-font-icon-svg e-fas-dot-circle\" viewBox=\"0 0 512 512\" xmlns=\"http:\/\/www.w3.org\/2000\/svg\"><path d=\"M256 8C119.033 8 8 119.033 8 256s111.033 248 248 248 248-111.033 248-248S392.967 8 256 8zm80 248c0 44.112-35.888 80-80 80s-80-35.888-80-80 35.888-80 80-80 80 35.888 80 80z\"><\/path><\/svg>\t\t\t\t\t\t<\/span>\n\t\t\t\t\t\t\t\t\t\t<span class=\"elementor-icon-list-text\">Instagram<\/span>\n\t\t\t\t\t\t\t\t\t\t\t<\/a>\n\t\t\t\t\t\t\t\t\t<\/li>\n\t\t\t\t\t\t<\/ul>\n\t\t\t\t\t\t<\/div>\n\t\t\t\t<\/div>\n\t\t\t\t<\/div>\n\t\t<div class=\"elementor-element elementor-element-44ca490 e-con-full e-flex e-con e-child\" data-id=\"44ca490\" data-element_type=\"container\" data-e-type=\"container\">\n\t\t\t\t<div class=\"elementor-element elementor-element-2690d37 elementor-widget elementor-widget-google_maps\" data-id=\"2690d37\" data-element_type=\"widget\" data-e-type=\"widget\" data-widget_type=\"google_maps.default\">\n\t\t\t\t<div class=\"elementor-widget-container\">\n\t\t\t\t\t\t\t<div class=\"elementor-custom-embed\">\n\t\t\t<iframe loading=\"lazy\"\n\t\t\t\t\tsrc=\"https:\/\/maps.google.com\/maps?q=Equilibrio%20Massoterapia%20Guriri%20Norte%2C%20S%C3%A3o%20Mateus%20-%20ES&#038;t=m&#038;z=15&#038;output=embed&#038;iwloc=near\"\n\t\t\t\t\ttitle=\"Equilibrio Massoterapia Guriri Norte, S\u00e3o Mateus - ES\"\n\t\t\t\t\taria-label=\"Equilibrio Massoterapia Guriri Norte, S\u00e3o Mateus - ES\"\n\t\t\t><\/iframe>\n\t\t<\/div>\n\t\t\t\t\t\t<\/div>\n\t\t\t\t<\/div>\n\t\t\t\t<\/div>\n\t\t\t\t\t<\/div>\n\t\t\t\t<\/div>\n\t\t\t\t<\/div>\n\t\t","protected":false},"excerpt":{"rendered":"<p>Nossos Profissionais Profissionais que cuidam com prop\u00f3sito Na Equil\u00edbrio Massoterapia, acreditamos que o verdadeiro bem-estar nasce da conex\u00e3o entre t\u00e9cnica, empatia e presen\u00e7a. Por isso, nossa equipe \u00e9 formada por profissionais apaixonados pela arte do cuidar, que unem conhecimento t\u00e9cnico com sensibilidade para oferecer experi\u00eancias \u00fanicas e transformadoras. Cada terapeuta da nossa casa passou por [&hellip;]<\/p>\n","protected":false},"author":1,"featured_media":0,"parent":0,"menu_order":0,"comment_status":"closed","ping_status":"closed","template":"elementor_header_footer","meta":{"footnotes":""},"class_list":["post-3055","page","type-page","status-publish","hentry"],"_links":{"self":[{"href":"https:\/\/equilibriospa.com\/index.php\/wp-json\/wp\/v2\/pages\/3055","targetHints":{"allow":["GET"]}}],"collection":[{"href":"https:\/\/equilibriospa.com\/index.php\/wp-json\/wp\/v2\/pages"}],"about":[{"href":"https:\/\/equilibriospa.com\/index.php\/wp-json\/wp\/v2\/types\/page"}],"author":[{"embeddable":true,"href":"https:\/\/equilibriospa.com\/index.php\/wp-json\/wp\/v2\/users\/1"}],"replies":[{"embeddable":true,"href":"https:\/\/equilibriospa.com\/index.php\/wp-json\/wp\/v2\/comments?post=3055"}],"version-history":[{"count":214,"href":"https:\/\/equilibriospa.com\/index.php\/wp-json\/wp\/v2\/pages\/3055\/revisions"}],"predecessor-version":[{"id":3656,"href":"https:\/\/equilibriospa.com\/index.php\/wp-json\/wp\/v2\/pages\/3055\/revisions\/3656"}],"wp:attachment":[{"href":"https:\/\/equilibriospa.com\/index.php\/wp-json\/wp\/v2\/media?parent=3055"}],"curies":[{"name":"wp","href":"https:\/\/api.w.org\/{rel}","templated":true}]}}